{"id":9,"date":"2023-06-14T12:37:59","date_gmt":"2023-06-14T12:37:59","guid":{"rendered":"https:\/\/grammatik.islk.kuwi.tu-dortmund.de\/?page_id=9"},"modified":"2023-12-03T12:21:21","modified_gmt":"2023-12-03T12:21:21","slug":"impressum","status":"publish","type":"page","link":"https:\/\/grammatik.islk.kuwi.tu-dortmund.de\/index.php\/impressum\/","title":{"rendered":"Impressum nach \u00a7\u00a05 Abs. 1 Telemediengesetz (TMG)"},"content":{"rendered":"\n<div style=\"height:26px\" aria-hidden=\"true\" class=\"wp-block-spacer\"><\/div>\n\n\n\n<p>Technische Universit\u00e4t Dortmund<br>August-Schmidt-Stra\u00dfe 4<br>44227 Dortmund<\/p>\n\n\n\n<p>Telefon: 0231\/755-1<\/p>\n\n\n\n<p><a href=\"mailto:presse@tu-dortmund.de\">E-Mail senden<\/a><\/p>\n\n\n\n<div style=\"height:26px\" aria-hidden=\"true\" class=\"wp-block-spacer\"><\/div>\n\n\n\n<p>Die Technische Universit\u00e4t (TU) Dortmund ist gem. \u00a7 2 Abs. 1 Satz 1 i.V.m. \u00a7 1 Abs. 2 Satz 1 Nr. 5 des Gesetzes \u00fcber die Hochschulen des Landes Nordrhein-Westfalen (HG NRW) eine vom Land Nordrhein-Westfalen getragene, rechtsf\u00e4hige K\u00f6rperschaft des \u00f6ffentlichen Rechts. Sie wird vertreten durch den Rektor Prof. Dr. Manfred Bayer.<\/p>\n\n\n\n<p>Die TU Dortmund nimmt ihre Aufgaben gem. \u00a7 76 Abs. 1 Satz 1 HG NRW unter der Rechtsaufsicht des&nbsp;<a href=\"https:\/\/www.mkw.nrw\/\" target=\"_blank\" rel=\"noreferrer noopener\">Ministeriums f\u00fcr Kultur und Wissenschaft des Landes Nordrhein-Westfalen<\/a>, V\u00f6lklinger Stra\u00dfe 49, 40221 D\u00fcsseldorf wahr.<\/p>\n\n\n\n<p>Umsatzsteuer-Identifikationsnummer gem. \u00a7 27a Umsatzsteuergesetz (UStG): DE 811 258 273<\/p>\n\n\n\n<p><\/p>\n\n\n\n<div style=\"height:27px\" aria-hidden=\"true\" class=\"wp-block-spacer\"><\/div>\n\n\n\n<p><strong>Redaktionell verantwortlich gem\u00e4\u00df \u00a7 18 Abs. 2 des Medienstaatsvertrages (MStV):<\/strong><\/p>\n\n\n\n<p>Prof. Dr. Ulrike Freywald<br>Institut f\u00fcr Sprache, Literatur und Kultur (ISLK)<br>Technische Universit\u00e4t Dortmund<\/p>\n\n\n\n<p>Emil-Figge-Str. 50, 44227 Dortmund<br><a href=\"mailto:ulrike.freywald@tu-dortmund.de\" target=\"_blank\" rel=\"noreferrer noopener nofollow\">Ulrike[dot]Freywald[at]tu-dortmund[dot]de<\/a><\/p>\n","protected":false},"excerpt":{"rendered":"<p>Technische Universit\u00e4t DortmundAugust-Schmidt-Stra\u00dfe 444227 Dortmund Telefon: 0231\/755-1 E-Mail senden Die Technische Universit\u00e4t (TU) Dortmund ist gem. \u00a7 2 Abs. 1 Satz 1 i.V.m. \u00a7 1 Abs. 2 Satz 1 Nr. 5 des Gesetzes \u00fcber die Hochschulen des Landes Nordrhein-Westfalen (HG NRW) eine vom Land Nordrhein-Westfalen getragene, rechtsf\u00e4hige K\u00f6rperschaft des \u00f6ffentlichen Rechts. Sie wird vertreten durch [&hellip;]<\/p>\n","protected":false},"author":6,"featured_media":0,"parent":0,"menu_order":0,"comment_status":"closed","ping_status":"closed","template":"","meta":{"footnotes":""},"class_list":["post-9","page","type-page","status-publish","hentry"],"yoast_head":"<!-- This site is optimized with the Yoast SEO plugin v27.5 - https:\/\/yoast.com\/product\/yoast-seo-wordpress\/ -->\n<title>Impressum nach \u00a7\u00a05 Abs. 1 Telemediengesetz (TMG) - Linguistik des Deutschen: Grammatik und Fachdidaktik<\/title>\n<meta name=\"description\" content=\"Das Impressum der Seite grammatik.islk.kuwi.tu-dortmund.de. Hier finden Sie alle notwendigen Angaben nach \u00a7 5 Abs. 1 Telemediengesetz (TMG).\" \/>\n<meta name=\"robots\" content=\"index, follow, max-video-preview:-1, noimageindex, noarchive, nosnippet\" \/>\n<link rel=\"canonical\" href=\"https:\/\/grammatik.islk.kuwi.tu-dortmund.de\/index.php\/impressum\/\" \/>\n<meta property=\"og:locale\" content=\"de_DE\" \/>\n<meta property=\"og:type\" content=\"article\" \/>\n<meta property=\"og:title\" content=\"Impressum\" \/>\n<meta property=\"og:description\" content=\"Impressum der Seite grammatik.islk.kuwi.tu-dortmund.de.\" \/>\n<meta property=\"og:url\" content=\"https:\/\/grammatik.islk.kuwi.tu-dortmund.de\/index.php\/impressum\/\" \/>\n<meta property=\"og:site_name\" content=\"Linguistik des Deutschen: Grammatik und Fachdidaktik\" \/>\n<meta property=\"article:modified_time\" content=\"2023-12-03T12:21:21+00:00\" \/>\n<meta name=\"twitter:card\" content=\"summary_large_image\" \/>\n<meta name=\"twitter:title\" content=\"Impressum\" \/>\n<meta name=\"twitter:description\" content=\"Impressum der Seite grammatik.islk.kuwi.tu-dortmund.de.\" \/>\n<meta name=\"twitter:label1\" content=\"Gesch\u00e4tzte Lesezeit\" \/>\n\t<meta name=\"twitter:data1\" content=\"1\u00a0Minute\" \/>\n<script type=\"application\/ld+json\" class=\"yoast-schema-graph\">{\"@context\":\"https:\\\/\\\/schema.org\",\"@graph\":[{\"@type\":[\"Article\",\"Report\"],\"@id\":\"https:\\\/\\\/grammatik.islk.kuwi.tu-dortmund.de\\\/index.php\\\/impressum\\\/#article\",\"isPartOf\":{\"@id\":\"https:\\\/\\\/grammatik.islk.kuwi.tu-dortmund.de\\\/index.php\\\/impressum\\\/\"},\"author\":{\"name\":\"Admin\",\"@id\":\"https:\\\/\\\/grammatik.islk.kuwi.tu-dortmund.de\\\/#\\\/schema\\\/person\\\/722ce1b3e7543b362131a67923801ab0\"},\"headline\":\"Impressum nach \u00a7\u00a05 Abs. 1 Telemediengesetz (TMG)\",\"datePublished\":\"2023-06-14T12:37:59+00:00\",\"dateModified\":\"2023-12-03T12:21:21+00:00\",\"mainEntityOfPage\":{\"@id\":\"https:\\\/\\\/grammatik.islk.kuwi.tu-dortmund.de\\\/index.php\\\/impressum\\\/\"},\"wordCount\":132,\"inLanguage\":\"de\"},{\"@type\":\"WebPage\",\"@id\":\"https:\\\/\\\/grammatik.islk.kuwi.tu-dortmund.de\\\/index.php\\\/impressum\\\/\",\"url\":\"https:\\\/\\\/grammatik.islk.kuwi.tu-dortmund.de\\\/index.php\\\/impressum\\\/\",\"name\":\"Impressum nach \u00a7\u00a05 Abs. 1 Telemediengesetz (TMG) - Linguistik des Deutschen: Grammatik und Fachdidaktik\",\"isPartOf\":{\"@id\":\"https:\\\/\\\/grammatik.islk.kuwi.tu-dortmund.de\\\/#website\"},\"datePublished\":\"2023-06-14T12:37:59+00:00\",\"dateModified\":\"2023-12-03T12:21:21+00:00\",\"description\":\"Das Impressum der Seite grammatik.islk.kuwi.tu-dortmund.de. Hier finden Sie alle notwendigen Angaben nach \u00a7 5 Abs. 1 Telemediengesetz (TMG).\",\"breadcrumb\":{\"@id\":\"https:\\\/\\\/grammatik.islk.kuwi.tu-dortmund.de\\\/index.php\\\/impressum\\\/#breadcrumb\"},\"inLanguage\":\"de\",\"potentialAction\":[{\"@type\":\"ReadAction\",\"target\":[\"https:\\\/\\\/grammatik.islk.kuwi.tu-dortmund.de\\\/index.php\\\/impressum\\\/\"]}]},{\"@type\":\"BreadcrumbList\",\"@id\":\"https:\\\/\\\/grammatik.islk.kuwi.tu-dortmund.de\\\/index.php\\\/impressum\\\/#breadcrumb\",\"itemListElement\":[{\"@type\":\"ListItem\",\"position\":1,\"name\":\"Startseite\",\"item\":\"https:\\\/\\\/grammatik.islk.kuwi.tu-dortmund.de\\\/\"},{\"@type\":\"ListItem\",\"position\":2,\"name\":\"Impressum nach \u00a7\u00a05 Abs. 1 Telemediengesetz (TMG)\"}]},{\"@type\":\"WebSite\",\"@id\":\"https:\\\/\\\/grammatik.islk.kuwi.tu-dortmund.de\\\/#website\",\"url\":\"https:\\\/\\\/grammatik.islk.kuwi.tu-dortmund.de\\\/\",\"name\":\"Linguistik des Deutschen: Grammatik und Fachdidaktik\",\"description\":\"Eine Seite rundum Sprachreflexion\",\"potentialAction\":[{\"@type\":\"SearchAction\",\"target\":{\"@type\":\"EntryPoint\",\"urlTemplate\":\"https:\\\/\\\/grammatik.islk.kuwi.tu-dortmund.de\\\/?s={search_term_string}\"},\"query-input\":{\"@type\":\"PropertyValueSpecification\",\"valueRequired\":true,\"valueName\":\"search_term_string\"}}],\"inLanguage\":\"de\"},{\"@type\":\"Person\",\"@id\":\"https:\\\/\\\/grammatik.islk.kuwi.tu-dortmund.de\\\/#\\\/schema\\\/person\\\/722ce1b3e7543b362131a67923801ab0\",\"name\":\"Admin\",\"image\":{\"@type\":\"ImageObject\",\"inLanguage\":\"de\",\"@id\":\"https:\\\/\\\/secure.gravatar.com\\\/avatar\\\/df4068b8c615f1ac8d0fa00102abca0b78362f666b227f2473e88282e0541bf4?s=96&d=mm&r=g\",\"url\":\"https:\\\/\\\/secure.gravatar.com\\\/avatar\\\/df4068b8c615f1ac8d0fa00102abca0b78362f666b227f2473e88282e0541bf4?s=96&d=mm&r=g\",\"contentUrl\":\"https:\\\/\\\/secure.gravatar.com\\\/avatar\\\/df4068b8c615f1ac8d0fa00102abca0b78362f666b227f2473e88282e0541bf4?s=96&d=mm&r=g\",\"caption\":\"Admin\"},\"sameAs\":[\"https:\\\/\\\/grammatik.islk.kuwi.tu-dortmund.de\"],\"url\":\"https:\\\/\\\/grammatik.islk.kuwi.tu-dortmund.de\\\/index.php\\\/author\\\/admin\\\/\"}]}<\/script>\n<!-- \/ Yoast SEO plugin. -->","yoast_head_json":{"title":"Impressum nach \u00a7\u00a05 Abs. 1 Telemediengesetz (TMG) - Linguistik des Deutschen: Grammatik und Fachdidaktik","description":"Das Impressum der Seite grammatik.islk.kuwi.tu-dortmund.de. Hier finden Sie alle notwendigen Angaben nach \u00a7 5 Abs. 1 Telemediengesetz (TMG).","robots":{"index":"index","follow":"follow","max-video-preview":"max-video-preview:-1","imageindex":"noimageindex","archive":"noarchive","snippet":"nosnippet"},"canonical":"https:\/\/grammatik.islk.kuwi.tu-dortmund.de\/index.php\/impressum\/","og_locale":"de_DE","og_type":"article","og_title":"Impressum","og_description":"Impressum der Seite grammatik.islk.kuwi.tu-dortmund.de.","og_url":"https:\/\/grammatik.islk.kuwi.tu-dortmund.de\/index.php\/impressum\/","og_site_name":"Linguistik des Deutschen: Grammatik und Fachdidaktik","article_modified_time":"2023-12-03T12:21:21+00:00","twitter_card":"summary_large_image","twitter_title":"Impressum","twitter_description":"Impressum der Seite grammatik.islk.kuwi.tu-dortmund.de.","twitter_misc":{"Gesch\u00e4tzte Lesezeit":"1\u00a0Minute"},"schema":{"@context":"https:\/\/schema.org","@graph":[{"@type":["Article","Report"],"@id":"https:\/\/grammatik.islk.kuwi.tu-dortmund.de\/index.php\/impressum\/#article","isPartOf":{"@id":"https:\/\/grammatik.islk.kuwi.tu-dortmund.de\/index.php\/impressum\/"},"author":{"name":"Admin","@id":"https:\/\/grammatik.islk.kuwi.tu-dortmund.de\/#\/schema\/person\/722ce1b3e7543b362131a67923801ab0"},"headline":"Impressum nach \u00a7\u00a05 Abs. 1 Telemediengesetz (TMG)","datePublished":"2023-06-14T12:37:59+00:00","dateModified":"2023-12-03T12:21:21+00:00","mainEntityOfPage":{"@id":"https:\/\/grammatik.islk.kuwi.tu-dortmund.de\/index.php\/impressum\/"},"wordCount":132,"inLanguage":"de"},{"@type":"WebPage","@id":"https:\/\/grammatik.islk.kuwi.tu-dortmund.de\/index.php\/impressum\/","url":"https:\/\/grammatik.islk.kuwi.tu-dortmund.de\/index.php\/impressum\/","name":"Impressum nach \u00a7\u00a05 Abs. 1 Telemediengesetz (TMG) - Linguistik des Deutschen: Grammatik und Fachdidaktik","isPartOf":{"@id":"https:\/\/grammatik.islk.kuwi.tu-dortmund.de\/#website"},"datePublished":"2023-06-14T12:37:59+00:00","dateModified":"2023-12-03T12:21:21+00:00","description":"Das Impressum der Seite grammatik.islk.kuwi.tu-dortmund.de. Hier finden Sie alle notwendigen Angaben nach \u00a7 5 Abs. 1 Telemediengesetz (TMG).","breadcrumb":{"@id":"https:\/\/grammatik.islk.kuwi.tu-dortmund.de\/index.php\/impressum\/#breadcrumb"},"inLanguage":"de","potentialAction":[{"@type":"ReadAction","target":["https:\/\/grammatik.islk.kuwi.tu-dortmund.de\/index.php\/impressum\/"]}]},{"@type":"BreadcrumbList","@id":"https:\/\/grammatik.islk.kuwi.tu-dortmund.de\/index.php\/impressum\/#breadcrumb","itemListElement":[{"@type":"ListItem","position":1,"name":"Startseite","item":"https:\/\/grammatik.islk.kuwi.tu-dortmund.de\/"},{"@type":"ListItem","position":2,"name":"Impressum nach \u00a7\u00a05 Abs. 1 Telemediengesetz (TMG)"}]},{"@type":"WebSite","@id":"https:\/\/grammatik.islk.kuwi.tu-dortmund.de\/#website","url":"https:\/\/grammatik.islk.kuwi.tu-dortmund.de\/","name":"Linguistik des Deutschen: Grammatik und Fachdidaktik","description":"Eine Seite rundum Sprachreflexion","potentialAction":[{"@type":"SearchAction","target":{"@type":"EntryPoint","urlTemplate":"https:\/\/grammatik.islk.kuwi.tu-dortmund.de\/?s={search_term_string}"},"query-input":{"@type":"PropertyValueSpecification","valueRequired":true,"valueName":"search_term_string"}}],"inLanguage":"de"},{"@type":"Person","@id":"https:\/\/grammatik.islk.kuwi.tu-dortmund.de\/#\/schema\/person\/722ce1b3e7543b362131a67923801ab0","name":"Admin","image":{"@type":"ImageObject","inLanguage":"de","@id":"https:\/\/secure.gravatar.com\/avatar\/df4068b8c615f1ac8d0fa00102abca0b78362f666b227f2473e88282e0541bf4?s=96&d=mm&r=g","url":"https:\/\/secure.gravatar.com\/avatar\/df4068b8c615f1ac8d0fa00102abca0b78362f666b227f2473e88282e0541bf4?s=96&d=mm&r=g","contentUrl":"https:\/\/secure.gravatar.com\/avatar\/df4068b8c615f1ac8d0fa00102abca0b78362f666b227f2473e88282e0541bf4?s=96&d=mm&r=g","caption":"Admin"},"sameAs":["https:\/\/grammatik.islk.kuwi.tu-dortmund.de"],"url":"https:\/\/grammatik.islk.kuwi.tu-dortmund.de\/index.php\/author\/admin\/"}]}},"_links":{"self":[{"href":"https:\/\/grammatik.islk.kuwi.tu-dortmund.de\/index.php\/wp-json\/wp\/v2\/pages\/9","targetHints":{"allow":["GET"]}}],"collection":[{"href":"https:\/\/grammatik.islk.kuwi.tu-dortmund.de\/index.php\/wp-json\/wp\/v2\/pages"}],"about":[{"href":"https:\/\/grammatik.islk.kuwi.tu-dortmund.de\/index.php\/wp-json\/wp\/v2\/types\/page"}],"author":[{"embeddable":true,"href":"https:\/\/grammatik.islk.kuwi.tu-dortmund.de\/index.php\/wp-json\/wp\/v2\/users\/6"}],"replies":[{"embeddable":true,"href":"https:\/\/grammatik.islk.kuwi.tu-dortmund.de\/index.php\/wp-json\/wp\/v2\/comments?post=9"}],"version-history":[{"count":4,"href":"https:\/\/grammatik.islk.kuwi.tu-dortmund.de\/index.php\/wp-json\/wp\/v2\/pages\/9\/revisions"}],"predecessor-version":[{"id":601,"href":"https:\/\/grammatik.islk.kuwi.tu-dortmund.de\/index.php\/wp-json\/wp\/v2\/pages\/9\/revisions\/601"}],"wp:attachment":[{"href":"https:\/\/grammatik.islk.kuwi.tu-dortmund.de\/index.php\/wp-json\/wp\/v2\/media?parent=9"}],"curies":[{"name":"wp","href":"https:\/\/api.w.org\/{rel}","templated":true}]}}